{"id":167,"date":"2016-01-22T23:44:48","date_gmt":"2016-01-22T21:44:48","guid":{"rendered":"http:\/\/zak-tuebingen.org\/?page_id=167"},"modified":"2016-01-22T23:45:07","modified_gmt":"2016-01-22T21:45:07","slug":"167-2","status":"publish","type":"page","link":"http:\/\/zak-tuebingen.org\/?page_id=167","title":{"rendered":"Nach K\u00f6ln \u2013 sprechen \u00fcber Sexismus und Rassismus"},"content":{"rendered":"<p class=\"ecxMsoNormal\"><b>Nach K\u00f6ln \u2013 sprechen \u00fcber Sexismus und Rassismus<\/b><br \/>\nVortrag und Podiumsgespr\u00e4ch<\/p>\n<p><b>Donnerstag, 28.1.2016 um 19.30 Uhr<\/b><br \/>\nOrt: Institut f\u00fcr Erziehungswissenschaft, M\u00fcnzgasse 30, Alte Aula, T\u00fcbingen<\/p>\n<p>Seit K\u00f6ln wird viel gesprochen und kontrovers diskutiert. In der Berichterstattung wichtiger Medien und den Aussagen politischer Vertreter_innen finden merkw\u00fcrdige Verkn\u00fcpfungen des Aufschreis gegen sexualisierte Gewalt und des Generalverdachts gegen Gefl\u00fcchtete statt, zum Teil unverhohlen rassistisch. Gesellschaftliche Missst\u00e4nde werden ethnisiert und an vermeintlich \u00bbAndere\u00ab ausgelagert, das Thema einseitig auf dem R\u00fccken von Menschen mit Flucht- und (zugeschriebener) Migrationserfahrung ausgetragen. Die seitdem noch einmal zunehmenden rassistischen \u00dcbergriffe und eine sich noch weiter formierende extreme Rechte zeigen, dass diese Erkl\u00e4rungsmuster gewaltvolle Fr\u00fcchte tragen. Gleichzeitig wird unsichtbar gemacht, in welchen Bereichen der \u00bbeigenen\u00ab Gesellschaft \u00fcberall Gewalt gegen Frauen ausge\u00fcbt, legitimiert, bagatellisiert und institutionalisiert wird.<\/p>\n<p>Gleichzeitig scheint das mediale Feld offener geworden zu sein, die gesellschaftliche Polarisierung ausgepr\u00e4gter: Die kritische Reflexion und Debatte \u00fcber diskriminierende Strukturen der Gesellschaft ist allerorts zu erleben, solidarisch mit den Opfern der Silvesternacht, aber oftmals erstaunlich widerst\u00e4ndig und kritisch im Hinblick auf Verallgemeinerungen. Stimmen aus unterschiedlichen rassismuskritischen und feministischen Kontexten werden laut, die eine Ver\u00e4nderung der Diskurse und politische, rechtliche, strukturelle Konsequenzen fordern.<\/p>\n<p>Wir wollen mit der Veranstaltung einen Raum \u00f6ffnen, die vermeintlichen Dilemmata im Sprechen \u00fcber Sexismus und Rassismus nach K\u00f6ln zum Thema zu machen. Wie geht Sprechen angesichts solcher Ereignisse? Wie geht Sprechen in der Solidarit\u00e4t mit Frauen und LSBTTIQ-Menschen, die von sexueller Gewalt\/Sexismus betroffen sind und in gleichzeitiger Wachsamkeit gegen\u00fcber rassistischer Hetze? Das hei\u00dft auch dar\u00fcber sprechen, wie rassismuskritische, patriarchatskritische, emanzipatorische Arbeit gegen sexualisierte\/sexuelle Gewalt aussehen und wie ein solches Engagement sichtbar gemacht werden kann. Und nicht zuletzt auch dar\u00fcber, was n\u00f6tig w\u00e4re, um die gesellschaftlich vorherrschende Nichtthematisierung von Unterdr\u00fcckungsverh\u00e4ltnissen und den funktional-strukturellen Zusammenhang der Konstruktionen von Gender, Nation und Ethnizit\u00e4t zu durchbrechen.<\/p>\n<p class=\"ecxMsoNormal\"><b>Programm 28.1.2016, 19.30 Uhr:<\/b><\/p>\n<p><b>Einf\u00fchrende Begr\u00fc\u00dfung<\/b><br \/>\nProf. Dr. Barbara Stauber (IfE, Universit\u00e4t T\u00fcbingen)<\/p>\n<p><b>Vortrag<\/b><br \/>\nProf. Dr. Astrid Messerschmidt (Universit\u00e4t Darmstadt)<\/p>\n<p><b>Podium<\/b><br \/>\nModeration: Johanna Br\u00f6se (IfE, Universit\u00e4t T\u00fcbingen\/Netzwerk Rassismuskritische Migrationsp\u00e4dagogik)<br \/>\n\u00b7 \u00a0 \u00a0 \u00a0 \u00a0 Micha Sch\u00f6ller (Frauen helfen Frauen e.V., T\u00fcbingen)<br \/>\n\u00b7 \u00a0 \u00a0 \u00a0 \u00a0 Josephine Jackson (Netzwerk Antidiskriminierung e.V. Region Reutlingen\/T\u00fcbingen)<br \/>\n\u00b7 \u00a0 \u00a0 \u00a0 \u00a0 Daniel Bartel (Leipzig) \/Birte Weis (Hamburg), (Antidiskiminierungsverband Deutschland advd)<br \/>\n\u00b7 \u00a0 \u00a0 \u00a0 \u00a0 Prof. Dr. Tanja Thomas (IfM, Universit\u00e4t T\u00fcbingen)<\/p>\n<p>Die Veranstaltung ist eine Kooperation des Instituts f\u00fcr Erziehungswissenschaft, Abteilung Sozialp\u00e4dagogik, Lehrstuhl Prof. Dr. Barbara Stauber und des Instituts f\u00fcr Medienwissenschaft der Eberhard Karls Universit\u00e4t T\u00fcbingen sowie des Netzwerks rassismuskritische Migrationsp\u00e4dagogik Baden-W\u00fcrttemberg.<\/p>\n","protected":false},"excerpt":{"rendered":"<p>Nach K\u00f6ln \u2013 sprechen \u00fcber Sexismus und Rassismus Vortrag und Podiumsgespr\u00e4ch Donnerstag, 28.1.2016 um 19.30 Uhr Ort: Institut f\u00fcr Erziehungswissenschaft, M\u00fcnzgasse 30, Alte Aula, T\u00fcbingen Seit K\u00f6ln wird viel gesprochen und kontrovers diskutiert. In der Berichterstattung wichtiger Medien und den Aussagen politischer Vertreter_innen finden merkw\u00fcrdige Verkn\u00fcpfungen des Aufschreis gegen sexualisierte Gewalt und des Generalverdachts gegen [&hellip;]<\/p>\n","protected":false},"author":1,"featured_media":0,"parent":94,"menu_order":0,"comment_status":"closed","ping_status":"closed","template":"","meta":{"footnotes":""},"class_list":["post-167","page","type-page","status-publish","hentry"],"_links":{"self":[{"href":"http:\/\/zak-tuebingen.org\/index.php?rest_route=\/wp\/v2\/pages\/167","targetHints":{"allow":["GET"]}}],"collection":[{"href":"http:\/\/zak-tuebingen.org\/index.php?rest_route=\/wp\/v2\/pages"}],"about":[{"href":"http:\/\/zak-tuebingen.org\/index.php?rest_route=\/wp\/v2\/types\/page"}],"author":[{"embeddable":true,"href":"http:\/\/zak-tuebingen.org\/index.php?rest_route=\/wp\/v2\/users\/1"}],"replies":[{"embeddable":true,"href":"http:\/\/zak-tuebingen.org\/index.php?rest_route=%2Fwp%2Fv2%2Fcomments&post=167"}],"version-history":[{"count":2,"href":"http:\/\/zak-tuebingen.org\/index.php?rest_route=\/wp\/v2\/pages\/167\/revisions"}],"predecessor-version":[{"id":169,"href":"http:\/\/zak-tuebingen.org\/index.php?rest_route=\/wp\/v2\/pages\/167\/revisions\/169"}],"up":[{"embeddable":true,"href":"http:\/\/zak-tuebingen.org\/index.php?rest_route=\/wp\/v2\/pages\/94"}],"wp:attachment":[{"href":"http:\/\/zak-tuebingen.org\/index.php?rest_route=%2Fwp%2Fv2%2Fmedia&parent=167"}],"curies":[{"name":"wp","href":"https:\/\/api.w.org\/{rel}","templated":true}]}}